{"id":6115,"date":"2019-03-13T10:38:00","date_gmt":"2019-03-13T13:38:00","guid":{"rendered":"https:\/\/ens9004-mza.infd.edu.ar\/sitio\/?page_id=6115"},"modified":"2026-08-25T21:36:01","modified_gmt":"2026-08-26T00:36:01","slug":"jefatura-de-investigacion","status":"publish","type":"page","link":"https:\/\/ens9004-infd.mendoza.edu.ar\/sitio\/jefatura-de-formacion-inicial\/jefatura-de-investigacion\/","title":{"rendered":"Jefatura de Investigaci\u00f3n y producci\u00f3n de saberes espec\u00edficos"},"content":{"rendered":"\n<h4 class=\"wp-block-heading\"><strong>Responsable<\/strong><\/h4>\n\n\n\n<p><strong>Mgtr. Mariano Ramirez<\/strong><\/p>\n\n\n\n<p><img decoding=\"async\" loading=\"lazy\" width=\"1084\" height=\"1084\" class=\"wp-image-11751\" style=\"width: 150px;\" src=\"https:\/\/ens9004-infd.mendoza.edu.ar\/sitio\/wp-content\/uploads\/2026\/08\/IMG_2166-.jpg\" alt=\"\" srcset=\"https:\/\/ens9004-infd.mendoza.edu.ar\/sitio\/wp-content\/uploads\/2026\/08\/IMG_2166-.jpg 1084w, https:\/\/ens9004-infd.mendoza.edu.ar\/sitio\/wp-content\/uploads\/2026\/08\/IMG_2166--1000x1000.jpg 1000w, https:\/\/ens9004-infd.mendoza.edu.ar\/sitio\/wp-content\/uploads\/2026\/08\/IMG_2166--500x500.jpg 500w, https:\/\/ens9004-infd.mendoza.edu.ar\/sitio\/wp-content\/uploads\/2026\/08\/IMG_2166--768x768.jpg 768w\" sizes=\"(max-width: 1084px) 100vw, 1084px\" \/><\/p>\n\n\n\n<p><em>Licenciado y Profesor en Comunicaci\u00f3n Social, Especialista y Mag\u00edster en An\u00e1lisis Institucional. Docente e investigador de Nivel Superior, con experiencia en producci\u00f3n acad\u00e9mica y participaci\u00f3n en cursos, congresos y jornadas de investigaci\u00f3n en universidades argentinas y extranjeras.<\/em><\/p>\n\n\n\n<h4 class=\"wp-block-heading\"><strong>\u00bfA qu\u00e9 se dedica esta jefatura?<\/strong><\/h4>\n\n\n\n<p>Esta Jefatura impulsa la investigaci\u00f3n y la producci\u00f3n de conocimientos a trav\u00e9s de equipos integrados por docentes, estudiantes y egresados del IES. Acompa\u00f1a el desarrollo y la divulgaci\u00f3n de proyectos que permiten estudiar diferentes problem\u00e1ticas, enriquecer la formaci\u00f3n acad\u00e9mica y generar conocimientos que tambi\u00e9n aportan a la vida institucional.<\/p>\n\n\n\n<h4 class=\"wp-block-heading\"><strong>\u00bfQui\u00e9nes pueden participar?<\/strong><\/h4>\n\n\n\n<p>La investigaci\u00f3n es un espacio abierto a docentes, estudiantes y egresados del Instituto. Los equipos se conforman a partir de intereses, problem\u00e1ticas o disciplinas compartidas y desarrollan proyectos que pueden presentarse en convocatorias de la Direcci\u00f3n de Educaci\u00f3n Superior y de otras organizaciones.<\/p>\n\n\n\n<p>La Jefatura tambi\u00e9n desarrolla v\u00ednculos con instituciones del medio a trav\u00e9s de convenios, fortaleciendo la relaci\u00f3n entre la producci\u00f3n de conocimientos y la comunidad.<\/p>\n\n\n\n<h2 class=\"wp-block-heading\"><strong>Proyectos e investigaciones<\/strong><\/h2>\n\n\n\n<p class=\"has-base-3-color has-accent-background-color has-text-color has-background\">Conoc\u00e9 los trabajos y proyectos de investigaci\u00f3n desarrollados desde el Instituto y las distintas l\u00edneas de producci\u00f3n de conocimiento.&nbsp;<\/p>\n\n\n\n<p class=\"has-base-3-color has-contrast-3-background-color has-text-color has-background\">AQU\u00cd: <a href=\"https:\/\/drive.google.com\/drive\/folders\/16XgKE0xmCq9VfTPHlCVxjr1Upsoqnpmc\">https:\/\/drive.google.com\/drive\/folders\/16XgKE0xmCq9VfTPHlCVxjr1Upsoqnpmc<\/a><\/p>\n","protected":false},"excerpt":{"rendered":"<p>Responsable Mgtr. Mariano Ramirez Licenciado y Profesor en Comunicaci\u00f3n Social, Especialista y Mag\u00edster en An\u00e1lisis Institucional. Docente e investigador de Nivel Superior, con experiencia en producci\u00f3n acad\u00e9mica y participaci\u00f3n en cursos, congresos y jornadas de investigaci\u00f3n en universidades argentinas y extranjeras. \u00bfA qu\u00e9 se dedica esta jefatura? Esta Jefatura impulsa la investigaci\u00f3n y la producci\u00f3n &#8230; <a title=\"Jefatura de Investigaci\u00f3n y producci\u00f3n de saberes espec\u00edficos\" class=\"read-more\" href=\"https:\/\/ens9004-infd.mendoza.edu.ar\/sitio\/jefatura-de-formacion-inicial\/jefatura-de-investigacion\/\" aria-label=\"More on Jefatura de Investigaci\u00f3n y producci\u00f3n de saberes espec\u00edficos\">[+]<\/a><\/p>\n","protected":false},"author":1578,"featured_media":0,"parent":2390,"menu_order":0,"comment_status":"closed","ping_status":"closed","template":"","meta":[],"acf":[],"_links":{"self":[{"href":"https:\/\/ens9004-infd.mendoza.edu.ar\/sitio\/wp-json\/wp\/v2\/pages\/6115"}],"collection":[{"href":"https:\/\/ens9004-infd.mendoza.edu.ar\/sitio\/wp-json\/wp\/v2\/pages"}],"about":[{"href":"https:\/\/ens9004-infd.mendoza.edu.ar\/sitio\/wp-json\/wp\/v2\/types\/page"}],"author":[{"embeddable":true,"href":"https:\/\/ens9004-infd.mendoza.edu.ar\/sitio\/wp-json\/wp\/v2\/users\/1578"}],"replies":[{"embeddable":true,"href":"https:\/\/ens9004-infd.mendoza.edu.ar\/sitio\/wp-json\/wp\/v2\/comments?post=6115"}],"version-history":[{"count":12,"href":"https:\/\/ens9004-infd.mendoza.edu.ar\/sitio\/wp-json\/wp\/v2\/pages\/6115\/revisions"}],"predecessor-version":[{"id":11752,"href":"https:\/\/ens9004-infd.mendoza.edu.ar\/sitio\/wp-json\/wp\/v2\/pages\/6115\/revisions\/11752"}],"up":[{"embeddable":true,"href":"https:\/\/ens9004-infd.mendoza.edu.ar\/sitio\/wp-json\/wp\/v2\/pages\/2390"}],"wp:attachment":[{"href":"https:\/\/ens9004-infd.mendoza.edu.ar\/sitio\/wp-json\/wp\/v2\/media?parent=6115"}],"curies":[{"name":"wp","href":"https:\/\/api.w.org\/{rel}","templated":true}]}}