{"id":2702,"date":"2018-07-02T21:51:15","date_gmt":"2018-07-03T00:51:15","guid":{"rendered":"https:\/\/ens9004-mza.infd.edu.ar\/sitio\/jornadas-regionales-4ies-2012\/"},"modified":"2018-07-20T09:22:48","modified_gmt":"2018-07-20T12:22:48","slug":"jornadas-regionales-4ies-2012","status":"publish","type":"page","link":"https:\/\/ens9004-infd.mendoza.edu.ar\/sitio\/jornadas-regionales-4ies-2012\/","title":{"rendered":"Jornadas Regionales 4IES-2012"},"content":{"rendered":"<h3 style=\"text-align: center;\"><strong><span style=\"color: #333300;\">Jornadas Regionales 4IES-2012<\/span><\/strong><\/h3>\n<p style=\"text-align: center;\"><img decoding=\"async\" loading=\"lazy\" class=\"alignnone \" src=\"https:\/\/ens9004-infd.mendoza.edu.ar\/sitio\/wp-content\/uploads\/2018\/07\/MEMBRETE.jpg\" width=\"634\" height=\"227\" \/><\/p>\n<p><strong><em>\u00a0<\/em><\/strong>Las Jornadas se realizar\u00e1n en la sede del IES N\u00ba 9-010, Eugenio Bustos, San Carlos, los d\u00edas 18 y 19 de octubre de 2012 a partir de las 9.30 hs. y hasta las 18.30 hs.<\/p>\n<p>El esp\u00edritu que anima a este encuentro puede buscarse en los interrogantes que suscita\u00a0 el t\u00edtulo que se coloc\u00f3 a estas Jornadas y las posibilidades de reflexi\u00f3n cr\u00edtica y debate que abre. Algunos interrogantes y algunos caminos a seguir en el debate se plasman en lo que sigue:<\/p>\n<p>\u00bfPor qu\u00e9 colocamos este t\u00edtulo a las III Jornadas Regionales de Investigaci\u00f3n y Extensi\u00f3n del Valle de Uco? Porque, \u201c<strong>construyendo la identidad<\/strong>\u201d\u00a0 expresa la pretensi\u00f3n de imprimir movimiento y \u00a0dinamismo a una noci\u00f3n que tradicionalmente ha sido interpretada en la fijeza. Con frecuencia escuchamos voces que denuncian la p\u00e9rdida de identidad, otras que instan a la conservaci\u00f3n de la identidad, otros insisten en la b\u00fasqueda de identidad. Y esto en diversos planos de la vida humana y social. P\u00e9rdida, conservaci\u00f3n o b\u00fasqueda de la identidad cultural, nacional, regional, social, comunitaria, institucional, personal, profesional, etc.<\/p>\n<p>Apostamos a familiarizarnos con una idea de identidad como quehacer constante;<\/p>\n<p>En ese marco, instamos a preguntarnos: \u00bf<em>Con qu\u00e9 valores se identifica la profesi\u00f3n docente y t\u00e9cnica? \u00bfCu\u00e1l es su aspiraci\u00f3n y su meta? \u00bfQu\u00e9 factores sociales, personales, culturales, econ\u00f3micos, entran en juego para la consecuci\u00f3n de esa meta? \u00bfQu\u00e9 anhela, qu\u00e9 desea, qu\u00e9 necesita este profesional para acercarse a esa meta?<\/em>quehacer cuyo valor, trascendencia y envergadura depende de las decisiones que toman los mismos sujetos\u00a0 que buscan su identificaci\u00f3n. Se trata de un quehacer dif\u00edcil, complejo; porque el modelado de la identidad profesional en el campo educativo no se dise\u00f1a sin los sujetos que se est\u00e1n formando; por ello reflexionar \u00a0sobre este problema es una actividad dial\u00e9ctica, relacional, que ha de moverse en diversos planos: social, personal, institucional, pedag\u00f3gico. Uno remite al otro. Ninguno puede soslayarse.<\/p>\n<p><strong>\u00a0 S.Leticia Molina.\u00a0Jefatura de Investigaci\u00f3n-IES 9-004, Tunuy\u00e1n.<\/strong><\/p>\n<ul>\n<li><a href=\"index.cgi?wAccion=news&amp;wid_news=70&amp;wid_seccion=&amp;wid_item=\">Invitaci\u00f3n<\/a><\/li>\n<li><a href=\"upload\/Cronograma_FinalJornValleDeUco2012.pdf\">Programa de Actividades\u00a0<\/a><\/li>\n<li><a href=\"index.cgi?wid_item=117&amp;wid_seccion=2\">Conferencia y talleres (material para decargar)<\/a><\/li>\n<\/ul>\n","protected":false},"excerpt":{"rendered":"<p>Jornadas Regionales 4IES-2012 \u00a0Las Jornadas se realizar\u00e1n en la sede del IES N\u00ba 9-010, Eugenio Bustos, San Carlos, los d\u00edas 18 y 19 de octubre de 2012 a partir de las 9.30 hs. y hasta las 18.30 hs. El esp\u00edritu que anima a este encuentro puede buscarse en los interrogantes que suscita\u00a0 el t\u00edtulo que &#8230; <a title=\"Jornadas Regionales 4IES-2012\" class=\"read-more\" href=\"https:\/\/ens9004-infd.mendoza.edu.ar\/sitio\/jornadas-regionales-4ies-2012\/\" aria-label=\"More on Jornadas Regionales 4IES-2012\">[+]<\/a><\/p>\n","protected":false},"author":1578,"featured_media":0,"parent":0,"menu_order":0,"comment_status":"closed","ping_status":"closed","template":"","meta":[],"acf":[],"_links":{"self":[{"href":"https:\/\/ens9004-infd.mendoza.edu.ar\/sitio\/wp-json\/wp\/v2\/pages\/2702"}],"collection":[{"href":"https:\/\/ens9004-infd.mendoza.edu.ar\/sitio\/wp-json\/wp\/v2\/pages"}],"about":[{"href":"https:\/\/ens9004-infd.mendoza.edu.ar\/sitio\/wp-json\/wp\/v2\/types\/page"}],"author":[{"embeddable":true,"href":"https:\/\/ens9004-infd.mendoza.edu.ar\/sitio\/wp-json\/wp\/v2\/users\/1578"}],"replies":[{"embeddable":true,"href":"https:\/\/ens9004-infd.mendoza.edu.ar\/sitio\/wp-json\/wp\/v2\/comments?post=2702"}],"version-history":[{"count":5,"href":"https:\/\/ens9004-infd.mendoza.edu.ar\/sitio\/wp-json\/wp\/v2\/pages\/2702\/revisions"}],"predecessor-version":[{"id":7895,"href":"https:\/\/ens9004-infd.mendoza.edu.ar\/sitio\/wp-json\/wp\/v2\/pages\/2702\/revisions\/7895"}],"wp:attachment":[{"href":"https:\/\/ens9004-infd.mendoza.edu.ar\/sitio\/wp-json\/wp\/v2\/media?parent=2702"}],"curies":[{"name":"wp","href":"https:\/\/api.w.org\/{rel}","templated":true}]}}