{"id":2465,"date":"2018-07-02T21:49:05","date_gmt":"2018-07-03T00:49:05","guid":{"rendered":"https:\/\/ens9004-mza.infd.edu.ar\/sitio\/profesorado-de-historia\/"},"modified":"2026-08-25T21:23:38","modified_gmt":"2026-08-26T00:23:38","slug":"profesorado-de-historia","status":"publish","type":"page","link":"https:\/\/ens9004-infd.mendoza.edu.ar\/sitio\/profesorado-de-historia\/","title":{"rendered":"Profesorado de Historia"},"content":{"rendered":"<p><strong>T\u00edtulo a otorgar: \u00a0<\/strong>Profesor\/a de Educaci\u00f3n Secundaria en Historia<\/p>\n<p><strong>Duraci\u00f3n: <span style=\"font-weight: 400;\">4 a\u00f1os<\/span><\/strong><\/p>\n<h2><strong><b>\u00bfPor qu\u00e9 estudiar esta carrera?<\/b> \u00a0 \u00a0 \u00a0 \u00a0 \u00a0 \u00a0 \u00a0 \u00a0 \u00a0 \u00a0 \u00a0 \u00a0 \u00a0 \u00a0 \u00a0 \u00a0\u00a0<\/strong><\/h2>\n<ul>\n<li>\n<p><span style=\"font-weight: 400;\">Estudiar Historia te va a permitir comprender el pasado para interpretar el presente, hacerte preguntas y desarrollar una mirada cr\u00edtica sobre el mundo que nos rodea. Vas a descubrir que detr\u00e1s de cada acontecimiento hay personas, decisiones, conflictos y experiencias que ayudan a comprender nuestra realidad.<\/span><\/p>\n<\/li>\n<li>\n<p><span style=\"font-weight: 400;\">La carrera combina una s\u00f3lida formaci\u00f3n hist\u00f3rica y pedag\u00f3gica con espacios de debate, investigaci\u00f3n, intercambio y participaci\u00f3n. Te va a preparar para ense\u00f1ar, investigar, construir conocimiento y transformar miradas, comprendiendo la Historia como una herramienta para pensar y ense\u00f1ar el mundo en el que vivimos.<\/span><\/p>\n<\/li>\n<\/ul>\n<h2><b>\u00bfQu\u00e9 vas a aprender?<\/b><\/h2>\n<p><span style=\"font-weight: 400;\">Vas a poder interpretar procesos hist\u00f3ricos, analizar cr\u00edticamente fuentes y relacionar el pasado con problem\u00e1ticas actuales. Tambi\u00e9n vas a desarrollar herramientas para investigar, planificar y ense\u00f1ar Historia, dise\u00f1ar experiencias de aprendizaje, utilizar diferentes recursos y tecnolog\u00edas y adaptar tus propuestas a distintos estudiantes y contextos educativos.<\/span><\/p>\n<h2><b>\u00bfQu\u00e9 experiencias vas a vivir?<\/b><\/h2>\n<p><span style=\"font-weight: 400;\">A lo largo de la carrera vas a participar de experiencias que van m\u00e1s all\u00e1 del aula: pr\u00e1cticas docentes, salidas educativas, proyectos de investigaci\u00f3n, jornadas, actividades de extensi\u00f3n, charlas y espacios de intercambio. Desde el primer a\u00f1o, la Formaci\u00f3n Pr\u00e1ctica Profesional te permitir\u00e1 acercarte a distintos contextos educativos y comenzar a construir tu identidad docente.\u00a0<\/span><\/p>\n<h2><b>\u00bfD\u00f3nde pod\u00e9s trabajar?<\/b><\/h2>\n<p><span style=\"font-weight: 400;\">Como Profesor\/a de Educaci\u00f3n Secundaria en Historia vas a poder trabajar en escuelas secundarias de gesti\u00f3n estatal y privada, en propuestas de Educaci\u00f3n Permanente de J\u00f3venes y Adultos. Tambi\u00e9n vas a contar con herramientas para participar en proyectos de investigaci\u00f3n, propuestas culturales, actividades de divulgaci\u00f3n hist\u00f3rica y proyectos vinculados con el patrimonio y la memoria de nuestra comunidad.<\/span><\/p>\n<h2>Plan de estudio<\/h2>\n<p><b>Resoluci\u00f3n:<\/b><span style=\"font-weight: 400;\"> 66-DGE-25<\/span><span style=\"font-weight: 400;\"><br \/><\/span><b>Carga horaria total:<\/b><span style=\"font-weight: 400;\"> 2.816 horas reloj \/ 4.224 horas c\u00e1tedra<\/span><\/p>\n<p><b>1.\u00ba a\u00f1o<\/b><\/p>\n<ul>\n<li style=\"font-weight: 400;\" aria-level=\"1\"><span style=\"font-weight: 400;\">Introducci\u00f3n a la Historia y a la Geograf\u00eda<\/span><\/li>\n<li style=\"font-weight: 400;\" aria-level=\"1\"><span style=\"font-weight: 400;\">Ciencias Pol\u00edticas y Econom\u00eda<\/span><\/li>\n<li style=\"font-weight: 400;\" aria-level=\"1\"><span style=\"font-weight: 400;\">Historia Universal I<\/span><\/li>\n<li style=\"font-weight: 400;\" aria-level=\"1\"><span style=\"font-weight: 400;\">Procesos Demogr\u00e1ficos en el Tiempo y en el Espacio<\/span><\/li>\n<li style=\"font-weight: 400;\" aria-level=\"1\"><span style=\"font-weight: 400;\">Pedagog\u00eda<\/span><\/li>\n<li style=\"font-weight: 400;\" aria-level=\"1\"><span style=\"font-weight: 400;\">Comprensi\u00f3n y Producci\u00f3n de Textos Acad\u00e9micos<\/span><\/li>\n<li style=\"font-weight: 400;\" aria-level=\"1\"><span style=\"font-weight: 400;\">Formaci\u00f3n Pr\u00e1ctica Profesional I<\/span><\/li>\n<\/ul>\n<p><b>2.\u00ba a\u00f1o<\/b><\/p>\n<ul>\n<li style=\"font-weight: 400;\" aria-level=\"1\"><span style=\"font-weight: 400;\">Sujeto de la Educaci\u00f3n<\/span><\/li>\n<li style=\"font-weight: 400;\" aria-level=\"1\"><span style=\"font-weight: 400;\">Epistemolog\u00eda de las Ciencias Sociales<\/span><\/li>\n<li style=\"font-weight: 400;\" aria-level=\"1\"><span style=\"font-weight: 400;\">Historia Argentina I<\/span><\/li>\n<li style=\"font-weight: 400;\" aria-level=\"1\"><span style=\"font-weight: 400;\">Historia Argentina II<\/span><\/li>\n<li style=\"font-weight: 400;\" aria-level=\"1\"><span style=\"font-weight: 400;\">Historia Americana I<\/span><\/li>\n<li style=\"font-weight: 400;\" aria-level=\"1\"><span style=\"font-weight: 400;\">Historia Universal II<\/span><\/li>\n<li style=\"font-weight: 400;\" aria-level=\"1\"><span style=\"font-weight: 400;\">Did\u00e1ctica General<\/span><\/li>\n<li style=\"font-weight: 400;\" aria-level=\"1\"><span style=\"font-weight: 400;\">Pensamiento Filos\u00f3fico<\/span><\/li>\n<li style=\"font-weight: 400;\" aria-level=\"1\"><span style=\"font-weight: 400;\">Sistema Educativo<\/span><\/li>\n<li style=\"font-weight: 400;\" aria-level=\"1\"><span style=\"font-weight: 400;\">Formaci\u00f3n Pr\u00e1ctica Profesional II<\/span><\/li>\n<\/ul>\n<p><b>3.\u00ba a\u00f1o<\/b><\/p>\n<ul>\n<li style=\"font-weight: 400;\" aria-level=\"1\"><span style=\"font-weight: 400;\">Did\u00e1ctica de la Historia<\/span><\/li>\n<li style=\"font-weight: 400;\" aria-level=\"1\"><span style=\"font-weight: 400;\">Formaci\u00f3n \u00c9tica y Ciudadana y su Did\u00e1ctica<\/span><\/li>\n<li style=\"font-weight: 400;\" aria-level=\"1\"><span style=\"font-weight: 400;\">Historia y Geograf\u00eda de Mendoza I<\/span><\/li>\n<li style=\"font-weight: 400;\" aria-level=\"1\"><span style=\"font-weight: 400;\">Historia y Geograf\u00eda de Mendoza II<\/span><\/li>\n<li style=\"font-weight: 400;\" aria-level=\"1\"><span style=\"font-weight: 400;\">Historia Argentina III<\/span><\/li>\n<li style=\"font-weight: 400;\" aria-level=\"1\"><span style=\"font-weight: 400;\">Historia Americana II<\/span><\/li>\n<li style=\"font-weight: 400;\" aria-level=\"1\"><span style=\"font-weight: 400;\">Historia Universal III<\/span><\/li>\n<li style=\"font-weight: 400;\" aria-level=\"1\"><span style=\"font-weight: 400;\">Educaci\u00f3n en la Diversidad<\/span><\/li>\n<li style=\"font-weight: 400;\" aria-level=\"1\"><span style=\"font-weight: 400;\">Gesti\u00f3n y Evaluaci\u00f3n de los Aprendizajes<\/span><\/li>\n<li style=\"font-weight: 400;\" aria-level=\"1\"><span style=\"font-weight: 400;\">Psicolog\u00eda Educacional<\/span><\/li>\n<li style=\"font-weight: 400;\" aria-level=\"1\"><span style=\"font-weight: 400;\">Formaci\u00f3n Pr\u00e1ctica Profesional III<\/span><\/li>\n<\/ul>\n<p><b>4.\u00ba a\u00f1o<\/b><\/p>\n<ul>\n<li style=\"font-weight: 400;\" aria-level=\"1\"><span style=\"font-weight: 400;\">Historia del Arte Argentino<\/span><\/li>\n<li style=\"font-weight: 400;\" aria-level=\"1\"><span style=\"font-weight: 400;\">Investigaci\u00f3n Hist\u00f3rica<\/span><\/li>\n<li style=\"font-weight: 400;\" aria-level=\"1\"><span style=\"font-weight: 400;\">Arqueolog\u00eda<\/span><\/li>\n<li style=\"font-weight: 400;\" aria-level=\"1\"><span style=\"font-weight: 400;\">Formaci\u00f3n Complementaria Espec\u00edfica<\/span><\/li>\n<li style=\"font-weight: 400;\" aria-level=\"1\"><span style=\"font-weight: 400;\">Historia Americana III<\/span><\/li>\n<li style=\"font-weight: 400;\" aria-level=\"1\"><span style=\"font-weight: 400;\">Historia Universal IV<\/span><\/li>\n<li style=\"font-weight: 400;\" aria-level=\"1\"><span style=\"font-weight: 400;\">Proyecto Socio Educativo<\/span><\/li>\n<li style=\"font-weight: 400;\" aria-level=\"1\"><span style=\"font-weight: 400;\">Formaci\u00f3n Complementaria General<\/span><\/li>\n<li style=\"font-weight: 400;\" aria-level=\"1\"><span style=\"font-weight: 400;\">Educaci\u00f3n y Tecnolog\u00edas Digitales<\/span><\/li>\n<li style=\"font-weight: 400;\" aria-level=\"1\"><span style=\"font-weight: 400;\">Educaci\u00f3n Sexual Integral<\/span><\/li>\n<li style=\"font-weight: 400;\" aria-level=\"1\"><span style=\"font-weight: 400;\">Formaci\u00f3n Pr\u00e1ctica Profesional IV<\/span><\/li>\n<\/ul>\n<p>&nbsp;<\/p>\n","protected":false},"excerpt":{"rendered":"<p>T\u00edtulo a otorgar: \u00a0Profesor\/a de Educaci\u00f3n Secundaria en Historia Duraci\u00f3n: 4 a\u00f1os \u00bfPor qu\u00e9 estudiar esta carrera? \u00a0 \u00a0 \u00a0 \u00a0 \u00a0 \u00a0 \u00a0 \u00a0 \u00a0 \u00a0 \u00a0 \u00a0 \u00a0 \u00a0 \u00a0 \u00a0\u00a0 Estudiar Historia te va a permitir comprender el pasado para interpretar el presente, hacerte preguntas y desarrollar una mirada cr\u00edtica sobre el &#8230; <a title=\"Profesorado de Historia\" class=\"read-more\" href=\"https:\/\/ens9004-infd.mendoza.edu.ar\/sitio\/profesorado-de-historia\/\" aria-label=\"More on Profesorado de Historia\">[+]<\/a><\/p>\n","protected":false},"author":1578,"featured_media":10462,"parent":0,"menu_order":0,"comment_status":"closed","ping_status":"closed","template":"","meta":[],"acf":[],"_links":{"self":[{"href":"https:\/\/ens9004-infd.mendoza.edu.ar\/sitio\/wp-json\/wp\/v2\/pages\/2465"}],"collection":[{"href":"https:\/\/ens9004-infd.mendoza.edu.ar\/sitio\/wp-json\/wp\/v2\/pages"}],"about":[{"href":"https:\/\/ens9004-infd.mendoza.edu.ar\/sitio\/wp-json\/wp\/v2\/types\/page"}],"author":[{"embeddable":true,"href":"https:\/\/ens9004-infd.mendoza.edu.ar\/sitio\/wp-json\/wp\/v2\/users\/1578"}],"replies":[{"embeddable":true,"href":"https:\/\/ens9004-infd.mendoza.edu.ar\/sitio\/wp-json\/wp\/v2\/comments?post=2465"}],"version-history":[{"count":15,"href":"https:\/\/ens9004-infd.mendoza.edu.ar\/sitio\/wp-json\/wp\/v2\/pages\/2465\/revisions"}],"predecessor-version":[{"id":11748,"href":"https:\/\/ens9004-infd.mendoza.edu.ar\/sitio\/wp-json\/wp\/v2\/pages\/2465\/revisions\/11748"}],"wp:featuredmedia":[{"embeddable":true,"href":"https:\/\/ens9004-infd.mendoza.edu.ar\/sitio\/wp-json\/wp\/v2\/media\/10462"}],"wp:attachment":[{"href":"https:\/\/ens9004-infd.mendoza.edu.ar\/sitio\/wp-json\/wp\/v2\/media?parent=2465"}],"curies":[{"name":"wp","href":"https:\/\/api.w.org\/{rel}","templated":true}]}}